{"id":2399,"date":"2016-06-08T09:34:22","date_gmt":"2016-06-08T09:34:22","guid":{"rendered":"http:\/\/airvoice.es\/avis-legal\/"},"modified":"2021-02-18T17:26:21","modified_gmt":"2021-02-18T17:26:21","slug":"avis-legal","status":"publish","type":"page","link":"https:\/\/airvoice.es\/en\/avis-legal\/","title":{"rendered":"Privacy Policy"},"content":{"rendered":"<h3>Legal warning<\/h3>\n<p><span class=\"\">In order to comply with current legislation and provide security and confidence to all its users, we inform you, under Law 34\/2002 on Services of the Information Society and Electronic Commerce, that this website (www.<\/span>\u00a0<span class=\"\">airvoice.es) is owned by ADTEL Sistemas de Telecomunicaci\u00f3n, SL, on behalf of the ADTEL Group, consisting of:<\/span><\/p>\n<div id=\"gt-res-c\" class=\"g-unit\">\n<div id=\"gt-res-p\">\n<div id=\"gt-res-data\">\n<div id=\"gt-res-wrap\">\n<div id=\"gt-res-content\">\n<div id=\"gt-res-dir-ctr\" class=\"trans-verified-button-small\" dir=\"ltr\"><span id=\"result_box\" class=\"\" lang=\"en\"><br \/>\n<span class=\"\" tabindex=\"-1\" contenteditable=\"false\">ADTEL Sistemas de Telecomunicaci\u00f3n, S.L.<\/span>\u00a0(B63181440)<br \/>\nNRD Multimedia, S.L.\u00a0(B60236817)<br \/>\nADTEL LATAM Telecommunication Systems S.A.S (NIT 900346479-4)<\/span><\/div>\n<div class=\"trans-verified-button-small\" dir=\"ltr\">\n<p><span id=\"result_box\" class=\"\" lang=\"en\"><span class=\"\">Our central offices are located at Avinguda Barcelona, 211, Nave 7, Pol\u00edgon Industrial El Pla, Molins de Rei 08750 (Barcelona)<\/span><\/span><\/p>\n<p><span class=\"\">For any question, contact us in the e-mail: adtel@adtel.es<\/span><\/p>\n<\/div>\n<\/div>\n<\/div>\n<\/div>\n<\/div>\n<\/div>\n","protected":false},"excerpt":{"rendered":"<p>Legal warning In order to comply with current legislation and provide security and confidence to all its users, we inform you, under Law 34\/2002 on Services of the Information Society and Electronic Commerce, that this website (www.\u00a0airvoice.es) is owned by ADTEL Sistemas de Telecomunicaci\u00f3n, SL, on behalf of the ADTEL Group, consisting of: ADTEL Sistemas [&hellip;]<\/p>\n","protected":false},"author":1,"featured_media":0,"parent":0,"menu_order":0,"comment_status":"closed","ping_status":"closed","template":"","meta":{"_acf_changed":false,"footnotes":""},"class_list":["post-2399","page","type-page","status-publish","hentry"],"acf":[],"yoast_head":"<!-- This site is optimized with the Yoast SEO plugin v27.5 - https:\/\/yoast.com\/product\/yoast-seo-wordpress\/ -->\n<title>Privacy Policy - AirVoice<\/title>\n<meta name=\"robots\" content=\"index, follow, max-snippet:-1, max-image-preview:large, max-video-preview:-1\" \/>\n<link rel=\"canonical\" href=\"https:\/\/airvoice.es\/en\/avis-legal\/\" \/>\n<meta property=\"og:locale\" content=\"en_US\" \/>\n<meta property=\"og:type\" content=\"article\" \/>\n<meta property=\"og:title\" content=\"Privacy Policy - AirVoice\" \/>\n<meta property=\"og:description\" content=\"Legal warning In order to comply with current legislation and provide security and confidence to all its users, we inform you, under Law 34\/2002 on Services of the Information Society and Electronic Commerce, that this website (www.\u00a0airvoice.es) is owned by ADTEL Sistemas de Telecomunicaci\u00f3n, SL, on behalf of the ADTEL Group, consisting of: ADTEL Sistemas [&hellip;]\" \/>\n<meta property=\"og:url\" content=\"https:\/\/airvoice.es\/en\/avis-legal\/\" \/>\n<meta property=\"og:site_name\" content=\"AirVoice\" \/>\n<meta property=\"article:modified_time\" content=\"2021-02-18T17:26:21+00:00\" \/>\n<meta property=\"og:image\" content=\"https:\/\/airvoice.es\/wp-content\/uploads\/cala-millor-airvoice.jpg\" \/>\n\t<meta property=\"og:image:width\" content=\"1024\" \/>\n\t<meta property=\"og:image:height\" content=\"571\" \/>\n\t<meta property=\"og:image:type\" content=\"image\/jpeg\" \/>\n<meta name=\"twitter:card\" content=\"summary_large_image\" \/>\n<meta name=\"twitter:site\" content=\"@AirVoice_es\" \/>\n<meta name=\"twitter:label1\" content=\"Est. reading time\" \/>\n\t<meta name=\"twitter:data1\" content=\"1 minute\" \/>\n<script type=\"application\/ld+json\" class=\"yoast-schema-graph\">{\"@context\":\"https:\\\/\\\/schema.org\",\"@graph\":[{\"@type\":\"WebPage\",\"@id\":\"https:\\\/\\\/airvoice.es\\\/en\\\/avis-legal\\\/\",\"url\":\"https:\\\/\\\/airvoice.es\\\/en\\\/avis-legal\\\/\",\"name\":\"Privacy Policy - AirVoice\",\"isPartOf\":{\"@id\":\"https:\\\/\\\/airvoice.es\\\/#website\"},\"datePublished\":\"2016-06-08T09:34:22+00:00\",\"dateModified\":\"2021-02-18T17:26:21+00:00\",\"breadcrumb\":{\"@id\":\"https:\\\/\\\/airvoice.es\\\/en\\\/avis-legal\\\/#breadcrumb\"},\"inLanguage\":\"en-US\",\"potentialAction\":[{\"@type\":\"ReadAction\",\"target\":[\"https:\\\/\\\/airvoice.es\\\/en\\\/avis-legal\\\/\"]}]},{\"@type\":\"BreadcrumbList\",\"@id\":\"https:\\\/\\\/airvoice.es\\\/en\\\/avis-legal\\\/#breadcrumb\",\"itemListElement\":[{\"@type\":\"ListItem\",\"position\":1,\"name\":\"Portada\",\"item\":\"https:\\\/\\\/airvoice.es\\\/en\\\/home\\\/\"},{\"@type\":\"ListItem\",\"position\":2,\"name\":\"Privacy Policy\"}]},{\"@type\":\"WebSite\",\"@id\":\"https:\\\/\\\/airvoice.es\\\/#website\",\"url\":\"https:\\\/\\\/airvoice.es\\\/\",\"name\":\"AirVoice - Megafon\u00eda inal\u00e1mbrica\",\"description\":\"Megafon\u00eda Inal\u00e1mbrica y comunicaciones para playas, ciudades y empresas\",\"publisher\":{\"@id\":\"https:\\\/\\\/airvoice.es\\\/#organization\"},\"alternateName\":\"AirVoice\",\"potentialAction\":[{\"@type\":\"SearchAction\",\"target\":{\"@type\":\"EntryPoint\",\"urlTemplate\":\"https:\\\/\\\/airvoice.es\\\/?s={search_term_string}\"},\"query-input\":{\"@type\":\"PropertyValueSpecification\",\"valueRequired\":true,\"valueName\":\"search_term_string\"}}],\"inLanguage\":\"en-US\"},{\"@type\":\"Organization\",\"@id\":\"https:\\\/\\\/airvoice.es\\\/#organization\",\"name\":\"AirVoice - Megafon\u00eda inal\u00e1mbrica - M\u00e9gaphones sans fil\",\"alternateName\":\"AirVoice\",\"url\":\"https:\\\/\\\/airvoice.es\\\/\",\"logo\":{\"@type\":\"ImageObject\",\"inLanguage\":\"en-US\",\"@id\":\"https:\\\/\\\/airvoice.es\\\/#\\\/schema\\\/logo\\\/image\\\/\",\"url\":\"https:\\\/\\\/airvoice.es\\\/wp-content\\\/uploads\\\/cropped-logo-airvoice-2019_sol-1-1.png\",\"contentUrl\":\"https:\\\/\\\/airvoice.es\\\/wp-content\\\/uploads\\\/cropped-logo-airvoice-2019_sol-1-1.png\",\"width\":1730,\"height\":409,\"caption\":\"AirVoice - Megafon\u00eda inal\u00e1mbrica - M\u00e9gaphones sans fil\"},\"image\":{\"@id\":\"https:\\\/\\\/airvoice.es\\\/#\\\/schema\\\/logo\\\/image\\\/\"},\"sameAs\":[\"https:\\\/\\\/x.com\\\/AirVoice_es\"]}]}<\/script>\n<!-- \/ Yoast SEO plugin. -->","yoast_head_json":{"title":"Privacy Policy - AirVoice","robots":{"index":"index","follow":"follow","max-snippet":"max-snippet:-1","max-image-preview":"max-image-preview:large","max-video-preview":"max-video-preview:-1"},"canonical":"https:\/\/airvoice.es\/en\/avis-legal\/","og_locale":"en_US","og_type":"article","og_title":"Privacy Policy - AirVoice","og_description":"Legal warning In order to comply with current legislation and provide security and confidence to all its users, we inform you, under Law 34\/2002 on Services of the Information Society and Electronic Commerce, that this website (www.\u00a0airvoice.es) is owned by ADTEL Sistemas de Telecomunicaci\u00f3n, SL, on behalf of the ADTEL Group, consisting of: ADTEL Sistemas [&hellip;]","og_url":"https:\/\/airvoice.es\/en\/avis-legal\/","og_site_name":"AirVoice","article_modified_time":"2021-02-18T17:26:21+00:00","og_image":[{"width":1024,"height":571,"url":"https:\/\/airvoice.es\/wp-content\/uploads\/cala-millor-airvoice.jpg","type":"image\/jpeg"}],"twitter_card":"summary_large_image","twitter_site":"@AirVoice_es","twitter_misc":{"Est. reading time":"1 minute"},"schema":{"@context":"https:\/\/schema.org","@graph":[{"@type":"WebPage","@id":"https:\/\/airvoice.es\/en\/avis-legal\/","url":"https:\/\/airvoice.es\/en\/avis-legal\/","name":"Privacy Policy - AirVoice","isPartOf":{"@id":"https:\/\/airvoice.es\/#website"},"datePublished":"2016-06-08T09:34:22+00:00","dateModified":"2021-02-18T17:26:21+00:00","breadcrumb":{"@id":"https:\/\/airvoice.es\/en\/avis-legal\/#breadcrumb"},"inLanguage":"en-US","potentialAction":[{"@type":"ReadAction","target":["https:\/\/airvoice.es\/en\/avis-legal\/"]}]},{"@type":"BreadcrumbList","@id":"https:\/\/airvoice.es\/en\/avis-legal\/#breadcrumb","itemListElement":[{"@type":"ListItem","position":1,"name":"Portada","item":"https:\/\/airvoice.es\/en\/home\/"},{"@type":"ListItem","position":2,"name":"Privacy Policy"}]},{"@type":"WebSite","@id":"https:\/\/airvoice.es\/#website","url":"https:\/\/airvoice.es\/","name":"AirVoice - Megafon\u00eda inal\u00e1mbrica","description":"Megafon\u00eda Inal\u00e1mbrica y comunicaciones para playas, ciudades y empresas","publisher":{"@id":"https:\/\/airvoice.es\/#organization"},"alternateName":"AirVoice","potentialAction":[{"@type":"SearchAction","target":{"@type":"EntryPoint","urlTemplate":"https:\/\/airvoice.es\/?s={search_term_string}"},"query-input":{"@type":"PropertyValueSpecification","valueRequired":true,"valueName":"search_term_string"}}],"inLanguage":"en-US"},{"@type":"Organization","@id":"https:\/\/airvoice.es\/#organization","name":"AirVoice - Megafon\u00eda inal\u00e1mbrica - M\u00e9gaphones sans fil","alternateName":"AirVoice","url":"https:\/\/airvoice.es\/","logo":{"@type":"ImageObject","inLanguage":"en-US","@id":"https:\/\/airvoice.es\/#\/schema\/logo\/image\/","url":"https:\/\/airvoice.es\/wp-content\/uploads\/cropped-logo-airvoice-2019_sol-1-1.png","contentUrl":"https:\/\/airvoice.es\/wp-content\/uploads\/cropped-logo-airvoice-2019_sol-1-1.png","width":1730,"height":409,"caption":"AirVoice - Megafon\u00eda inal\u00e1mbrica - M\u00e9gaphones sans fil"},"image":{"@id":"https:\/\/airvoice.es\/#\/schema\/logo\/image\/"},"sameAs":["https:\/\/x.com\/AirVoice_es"]}]}},"_links":{"self":[{"href":"https:\/\/airvoice.es\/en\/wp-json\/wp\/v2\/pages\/2399","targetHints":{"allow":["GET"]}}],"collection":[{"href":"https:\/\/airvoice.es\/en\/wp-json\/wp\/v2\/pages"}],"about":[{"href":"https:\/\/airvoice.es\/en\/wp-json\/wp\/v2\/types\/page"}],"author":[{"embeddable":true,"href":"https:\/\/airvoice.es\/en\/wp-json\/wp\/v2\/users\/1"}],"replies":[{"embeddable":true,"href":"https:\/\/airvoice.es\/en\/wp-json\/wp\/v2\/comments?post=2399"}],"version-history":[{"count":0,"href":"https:\/\/airvoice.es\/en\/wp-json\/wp\/v2\/pages\/2399\/revisions"}],"wp:attachment":[{"href":"https:\/\/airvoice.es\/en\/wp-json\/wp\/v2\/media?parent=2399"}],"curies":[{"name":"wp","href":"https:\/\/api.w.org\/{rel}","templated":true}]}}